{"id":374161,"date":"2014-01-07T00:00:00","date_gmt":"2014-01-06T23:00:00","guid":{"rendered":"https:\/\/www.promajna-tours.hr\/p\/apartmani-marinko\/"},"modified":"2025-02-03T20:45:51","modified_gmt":"2025-02-03T19:45:51","slug":"apartmany-marinko","status":"publish","type":"property","link":"https:\/\/www.promajna-tours.hr\/cs\/p\/apartmany-marinko\/","title":{"rendered":"Apartm\u00e1ny Marinko"},"content":{"rendered":"<p><em><strong>Promajna Apartm\u00e1ny<\/strong><\/em> <a title=\"Ubytovanie Chorv\u00e1tsko\" href=\"http:\/\/www.promajna-tours.hr\/cs\/\">Promajna Apartm\u00e1ny<\/a> Marinko nab\u00edzej\u00ed v\u00edce typ\u016f byt\u016f. Apartm\u00e1ny pro dv\u011b, t\u0159i a \u010dty\u0159i osoby. <em><strong>Apartm\u00e1ny Promajna<\/strong> <\/em>Marinko m\u00e1 3 patra. V prvn\u00edm pat\u0159e je jeden apartm\u00e1n pro t\u0159i osoby, dva apartm\u00e1ny pro dv\u011b osoby a jeden apartm\u00e1n pro 4 osoby. Ve druh\u00e9m pat\u0159e jsou tak\u00e9 jeden apartm\u00e1n pro t\u0159i osoby, dva apartm\u00e1ny pro dv\u011b osoby a jeden apartm\u00e1n pro 4 osoby. Ve t\u0159et\u00edm pat\u0159e je apartm\u00e1n pro 4 osoby. V\u0161echny apartm\u00e1ny maj\u00ed klimatizaci, wi-fi internet a satelitn\u00ed televizi.D\u016fm m\u00e1 velk\u00e9 parkovi\u0161t\u011b. Majitel\u00e9 maj\u00ed tak\u00e9 gril, kter\u00fd poskytuje host\u016fm vyu\u017eit\u00ed. Host\u00e9 si mohou d\u00e1t ob\u011bd nebo ve\u010de\u0159i p\u0159ed domem, kde je velk\u00fd st\u016fl s \u017eidlemi. <a title=\"Ubytovanie v s\u00fakrom\u00ed Chorv\u00e1tsko\" href=\"http:\/\/www.promajna-tours.hr\/cs\/offer-tag\/promajna-apartmany-cs\/\">Apartm\u00e1ny Promajna<\/a> Marinko jsou zvl\u00e1\u0161t\u011b vhodn\u00e9 pro skupiny p\u0159\u00e1tel nebo rodiny, kte\u0159\u00ed mohou pronajmout cel\u00e9 patro pro 10 a\u017e 12 osob. Ka\u017ed\u00e9 patro m\u00e1 sv\u016fj vlastn\u00ed vchod, tak\u017ee si host\u00e9 mohou vychutnat intimitu.<\/p>\n","protected":false},"excerpt":{"rendered":"<p>Promajna Apartm\u00e1ny Promajna Apartm\u00e1ny Marinko nab\u00edzej\u00ed v\u00edce typ\u016f byt\u016f. Apartm\u00e1ny pro dv\u011b, t\u0159i a \u010dty\u0159i osoby. Apartm\u00e1ny Promajna Marinko m\u00e1 3 patra. V prvn\u00edm pat\u0159e je jeden apartm\u00e1n pro t\u0159i osoby, dva apartm\u00e1ny pro dv\u011b osoby a jeden apartm\u00e1n pro 4 osoby. Ve druh\u00e9m pat\u0159e jsou tak\u00e9 jeden apartm\u00e1n pro t\u0159i osoby, dva apartm\u00e1ny pro&#8230;<\/p>\n","protected":false},"author":1,"featured_media":374162,"parent":0,"menu_order":0,"comment_status":"closed","ping_status":"closed","template":"","property-feature":[],"property-type":[285],"property-location":[1321],"property-status":[],"acf":[],"rvr_property_bookings":"","yoast_head":"<!-- This site is optimized with the Yoast SEO plugin v20.6 - https:\/\/yoast.com\/wordpress\/plugins\/seo\/ -->\n<title>Apartm\u00e1ny Marinko - Promajna Tours<\/title>\n<meta name=\"robots\" content=\"index, follow, max-snippet:-1, max-image-preview:large, max-video-preview:-1\" \/>\n<link rel=\"canonical\" href=\"https:\/\/www.promajna-tours.hr\/cs\/p\/apartmany-marinko\/\" \/>\n<meta property=\"og:locale\" content=\"cs_CZ\" \/>\n<meta property=\"og:type\" content=\"article\" \/>\n<meta property=\"og:title\" content=\"Apartm\u00e1ny Marinko - Promajna Tours\" \/>\n<meta property=\"og:description\" content=\"Promajna Apartm\u00e1ny Promajna Apartm\u00e1ny Marinko nab\u00edzej\u00ed v\u00edce typ\u016f byt\u016f. Apartm\u00e1ny pro dv\u011b, t\u0159i a \u010dty\u0159i osoby. Apartm\u00e1ny Promajna Marinko m\u00e1 3 patra. V prvn\u00edm pat\u0159e je jeden apartm\u00e1n pro t\u0159i osoby, dva apartm\u00e1ny pro dv\u011b osoby a jeden apartm\u00e1n pro 4 osoby. Ve druh\u00e9m pat\u0159e jsou tak\u00e9 jeden apartm\u00e1n pro t\u0159i osoby, dva apartm\u00e1ny pro...\" \/>\n<meta property=\"og:url\" content=\"https:\/\/www.promajna-tours.hr\/cs\/p\/apartmany-marinko\/\" \/>\n<meta property=\"og:site_name\" content=\"Promajna Tours\" \/>\n<meta property=\"article:publisher\" content=\"https:\/\/www.facebook.com\/promajnatoursHR\/\" \/>\n<meta property=\"article:modified_time\" content=\"2025-02-03T19:45:51+00:00\" \/>\n<meta property=\"og:image\" content=\"https:\/\/www.promajna-tours.hr\/wp-content\/uploads\/2014\/01\/Marinko-Klaric-Kuca-02.jpg\" \/>\n\t<meta property=\"og:image:width\" content=\"1800\" \/>\n\t<meta property=\"og:image:height\" content=\"1200\" \/>\n\t<meta property=\"og:image:type\" content=\"image\/jpeg\" \/>\n<meta name=\"twitter:card\" content=\"summary_large_image\" \/>\n<meta name=\"twitter:site\" content=\"@promajnatours\" \/>\n<meta name=\"twitter:label1\" content=\"Odhadovan\u00e1 doba \u010dten\u00ed\" \/>\n\t<meta name=\"twitter:data1\" content=\"1 minuta\" \/>\n<script type=\"application\/ld+json\" class=\"yoast-schema-graph\">{\"@context\":\"https:\/\/schema.org\",\"@graph\":[{\"@type\":\"WebPage\",\"@id\":\"https:\/\/www.promajna-tours.hr\/cs\/p\/apartmany-marinko\/\",\"url\":\"https:\/\/www.promajna-tours.hr\/cs\/p\/apartmany-marinko\/\",\"name\":\"Apartm\u00e1ny Marinko - Promajna Tours\",\"isPartOf\":{\"@id\":\"https:\/\/www.promajna-tours.hr\/#website\"},\"datePublished\":\"2014-01-06T23:00:00+00:00\",\"dateModified\":\"2025-02-03T19:45:51+00:00\",\"breadcrumb\":{\"@id\":\"https:\/\/www.promajna-tours.hr\/cs\/p\/apartmany-marinko\/#breadcrumb\"},\"inLanguage\":\"cs\",\"potentialAction\":[{\"@type\":\"ReadAction\",\"target\":[\"https:\/\/www.promajna-tours.hr\/cs\/p\/apartmany-marinko\/\"]}]},{\"@type\":\"BreadcrumbList\",\"@id\":\"https:\/\/www.promajna-tours.hr\/cs\/p\/apartmany-marinko\/#breadcrumb\",\"itemListElement\":[{\"@type\":\"ListItem\",\"position\":1,\"name\":\"Po\u010detna stranica\",\"item\":\"https:\/\/www.promajna-tours.hr\/cs\/\"},{\"@type\":\"ListItem\",\"position\":2,\"name\":\"Properties\",\"item\":\"https:\/\/www.promajna-tours.hr\/pl\/w\/\"},{\"@type\":\"ListItem\",\"position\":3,\"name\":\"Apartm\u00e1ny Marinko\"}]},{\"@type\":\"WebSite\",\"@id\":\"https:\/\/www.promajna-tours.hr\/#website\",\"url\":\"https:\/\/www.promajna-tours.hr\/\",\"name\":\"Promajna Tours\",\"description\":\"Apartmani Makarska rivijera\",\"publisher\":{\"@id\":\"https:\/\/www.promajna-tours.hr\/#organization\"},\"potentialAction\":[{\"@type\":\"SearchAction\",\"target\":{\"@type\":\"EntryPoint\",\"urlTemplate\":\"https:\/\/www.promajna-tours.hr\/?s={search_term_string}\"},\"query-input\":\"required name=search_term_string\"}],\"inLanguage\":\"cs\"},{\"@type\":\"Organization\",\"@id\":\"https:\/\/www.promajna-tours.hr\/#organization\",\"name\":\"Promajna Tours d.o.o.\",\"url\":\"https:\/\/www.promajna-tours.hr\/\",\"logo\":{\"@type\":\"ImageObject\",\"inLanguage\":\"cs\",\"@id\":\"https:\/\/www.promajna-tours.hr\/#\/schema\/logo\/image\/\",\"url\":\"https:\/\/www.promajna-tours.hr\/wp-content\/uploads\/2021\/11\/logo-novi.png\",\"contentUrl\":\"https:\/\/www.promajna-tours.hr\/wp-content\/uploads\/2021\/11\/logo-novi.png\",\"width\":216,\"height\":129,\"caption\":\"Promajna Tours d.o.o.\"},\"image\":{\"@id\":\"https:\/\/www.promajna-tours.hr\/#\/schema\/logo\/image\/\"},\"sameAs\":[\"https:\/\/www.facebook.com\/promajnatoursHR\/\",\"https:\/\/twitter.com\/promajnatours\",\"https:\/\/www.instagram.com\/promajnatours\/\",\"https:\/\/www.youtube.com\/channel\/UCMDAfrJ-MCRDYzjXTBoVIXA\"]}]}<\/script>\n<!-- \/ Yoast SEO plugin. -->","yoast_head_json":{"title":"Apartm\u00e1ny Marinko - Promajna Tours","robots":{"index":"index","follow":"follow","max-snippet":"max-snippet:-1","max-image-preview":"max-image-preview:large","max-video-preview":"max-video-preview:-1"},"canonical":"https:\/\/www.promajna-tours.hr\/cs\/p\/apartmany-marinko\/","og_locale":"cs_CZ","og_type":"article","og_title":"Apartm\u00e1ny Marinko - Promajna Tours","og_description":"Promajna Apartm\u00e1ny Promajna Apartm\u00e1ny Marinko nab\u00edzej\u00ed v\u00edce typ\u016f byt\u016f. Apartm\u00e1ny pro dv\u011b, t\u0159i a \u010dty\u0159i osoby. Apartm\u00e1ny Promajna Marinko m\u00e1 3 patra. V prvn\u00edm pat\u0159e je jeden apartm\u00e1n pro t\u0159i osoby, dva apartm\u00e1ny pro dv\u011b osoby a jeden apartm\u00e1n pro 4 osoby. Ve druh\u00e9m pat\u0159e jsou tak\u00e9 jeden apartm\u00e1n pro t\u0159i osoby, dva apartm\u00e1ny pro...","og_url":"https:\/\/www.promajna-tours.hr\/cs\/p\/apartmany-marinko\/","og_site_name":"Promajna Tours","article_publisher":"https:\/\/www.facebook.com\/promajnatoursHR\/","article_modified_time":"2025-02-03T19:45:51+00:00","og_image":[{"width":1800,"height":1200,"url":"https:\/\/www.promajna-tours.hr\/wp-content\/uploads\/2014\/01\/Marinko-Klaric-Kuca-02.jpg","type":"image\/jpeg"}],"twitter_card":"summary_large_image","twitter_site":"@promajnatours","twitter_misc":{"Odhadovan\u00e1 doba \u010dten\u00ed":"1 minuta"},"schema":{"@context":"https:\/\/schema.org","@graph":[{"@type":"WebPage","@id":"https:\/\/www.promajna-tours.hr\/cs\/p\/apartmany-marinko\/","url":"https:\/\/www.promajna-tours.hr\/cs\/p\/apartmany-marinko\/","name":"Apartm\u00e1ny Marinko - Promajna Tours","isPartOf":{"@id":"https:\/\/www.promajna-tours.hr\/#website"},"datePublished":"2014-01-06T23:00:00+00:00","dateModified":"2025-02-03T19:45:51+00:00","breadcrumb":{"@id":"https:\/\/www.promajna-tours.hr\/cs\/p\/apartmany-marinko\/#breadcrumb"},"inLanguage":"cs","potentialAction":[{"@type":"ReadAction","target":["https:\/\/www.promajna-tours.hr\/cs\/p\/apartmany-marinko\/"]}]},{"@type":"BreadcrumbList","@id":"https:\/\/www.promajna-tours.hr\/cs\/p\/apartmany-marinko\/#breadcrumb","itemListElement":[{"@type":"ListItem","position":1,"name":"Po\u010detna stranica","item":"https:\/\/www.promajna-tours.hr\/cs\/"},{"@type":"ListItem","position":2,"name":"Properties","item":"https:\/\/www.promajna-tours.hr\/pl\/w\/"},{"@type":"ListItem","position":3,"name":"Apartm\u00e1ny Marinko"}]},{"@type":"WebSite","@id":"https:\/\/www.promajna-tours.hr\/#website","url":"https:\/\/www.promajna-tours.hr\/","name":"Promajna Tours","description":"Apartmani Makarska rivijera","publisher":{"@id":"https:\/\/www.promajna-tours.hr\/#organization"},"potentialAction":[{"@type":"SearchAction","target":{"@type":"EntryPoint","urlTemplate":"https:\/\/www.promajna-tours.hr\/?s={search_term_string}"},"query-input":"required name=search_term_string"}],"inLanguage":"cs"},{"@type":"Organization","@id":"https:\/\/www.promajna-tours.hr\/#organization","name":"Promajna Tours d.o.o.","url":"https:\/\/www.promajna-tours.hr\/","logo":{"@type":"ImageObject","inLanguage":"cs","@id":"https:\/\/www.promajna-tours.hr\/#\/schema\/logo\/image\/","url":"https:\/\/www.promajna-tours.hr\/wp-content\/uploads\/2021\/11\/logo-novi.png","contentUrl":"https:\/\/www.promajna-tours.hr\/wp-content\/uploads\/2021\/11\/logo-novi.png","width":216,"height":129,"caption":"Promajna Tours d.o.o."},"image":{"@id":"https:\/\/www.promajna-tours.hr\/#\/schema\/logo\/image\/"},"sameAs":["https:\/\/www.facebook.com\/promajnatoursHR\/","https:\/\/twitter.com\/promajnatours","https:\/\/www.instagram.com\/promajnatours\/","https:\/\/www.youtube.com\/channel\/UCMDAfrJ-MCRDYzjXTBoVIXA"]}]}},"property_meta":{"REAL_HOMES_property_size":"","REAL_HOMES_property_size_postfix":"","REAL_HOMES_property_lot_size":"","REAL_HOMES_property_lot_size_postfix":"","REAL_HOMES_property_bedrooms":"","REAL_HOMES_property_bathrooms":"","REAL_HOMES_property_garage":"","REAL_HOMES_property_id":"PT-374161","REAL_HOMES_property_year_built":"","REAL_HOMES_featured":"1","REAL_HOMES_additional_details_list":[],"REAL_HOMES_property_price":"","REAL_HOMES_property_old_price":"","REAL_HOMES_property_price_prefix":"","REAL_HOMES_property_price_postfix":"","rvr_bulk_pricing":[],"copy_from_property":"","rvr_seasonal_pricing":[],"rvr_additional_fees":[{"rvr_fee_type":"fixed","rvr_fee_calculation":"per_stay"}],"rvr_govt_tax":"","rvr_service_charges":"","rvr_guests_capacity":"","rvr_total_guests_capacity":"","rvr_book_child_as":"","rvr_min_stay":"","rvr_guests_capacity_extend":"","rvr_extra_guest_price":"","rvr_accommodation":[],"rvr_instant_booking":"","rvr_property_owner":"0","rvr_outdoor_features":[],"rvr_surroundings":[],"rvr_included":[],"rvr_not_included":[],"rvr_policies":[],"REAL_HOMES_property_location":{"latitude":"43.3352119","longitude":"16.9748074","zoom":"17"},"REAL_HOMES_property_address":"Put Grani\u0107a 16, 21320, Promajna, Hrvatska","REAL_HOMES_property_map":"","REAL_HOMES_property_images":[{"width":150,"height":150,"file":"2014\/01\/Marinko-Klaric-Kuca-01.jpg","sizes":{"medium":{"file":"Marinko-Klaric-Kuca-01-300x200.jpg","width":300,"height":200,"mime-type":"image\/jpeg","url":"https:\/\/www.promajna-tours.hr\/wp-content\/uploads\/2014\/01\/Marinko-Klaric-Kuca-01-300x200.jpg"},"large":{"file":"Marinko-Klaric-Kuca-01-1024x683.jpg","width":1024,"height":683,"mime-type":"image\/jpeg","url":"https:\/\/www.promajna-tours.hr\/wp-content\/uploads\/2014\/01\/Marinko-Klaric-Kuca-01-1024x683.jpg"},"thumbnail":{"file":"Marinko-Klaric-Kuca-01-150x150.jpg","width":150,"height":150,"mime-type":"image\/jpeg","url":"https:\/\/www.promajna-tours.hr\/wp-content\/uploads\/2014\/01\/Marinko-Klaric-Kuca-01-150x150.jpg"},"medium_large":{"file":"Marinko-Klaric-Kuca-01-768x512.jpg","width":768,"height":512,"mime-type":"image\/jpeg","url":"https:\/\/www.promajna-tours.hr\/wp-content\/uploads\/2014\/01\/Marinko-Klaric-Kuca-01-768x512.jpg"},"1536x1536":{"file":"Marinko-Klaric-Kuca-01-1536x1024.jpg","width":1536,"height":1024,"mime-type":"image\/jpeg","url":"https:\/\/www.promajna-tours.hr\/wp-content\/uploads\/2014\/01\/Marinko-Klaric-Kuca-01-1536x1024.jpg"},"post-thumbnail":{"file":"Marinko-Klaric-Kuca-01-150x100.jpg","width":150,"height":100,"mime-type":"image\/jpeg","url":"https:\/\/www.promajna-tours.hr\/wp-content\/uploads\/2014\/01\/Marinko-Klaric-Kuca-01-150x100.jpg"},"modern-property-child-slider":{"file":"Marinko-Klaric-Kuca-01-680x510.jpg","width":680,"height":510,"mime-type":"image\/jpeg","url":"https:\/\/www.promajna-tours.hr\/wp-content\/uploads\/2014\/01\/Marinko-Klaric-Kuca-01-680x510.jpg"},"property-thumb-image":{"file":"Marinko-Klaric-Kuca-01-488x326.jpg","width":488,"height":326,"mime-type":"image\/jpeg","url":"https:\/\/www.promajna-tours.hr\/wp-content\/uploads\/2014\/01\/Marinko-Klaric-Kuca-01-488x326.jpg"},"property-detail-video-image":{"file":"Marinko-Klaric-Kuca-01-818x417.jpg","width":818,"height":417,"mime-type":"image\/jpeg","url":"https:\/\/www.promajna-tours.hr\/wp-content\/uploads\/2014\/01\/Marinko-Klaric-Kuca-01-818x417.jpg"},"agent-image":{"file":"Marinko-Klaric-Kuca-01-210x210.jpg","width":210,"height":210,"mime-type":"image\/jpeg","url":"https:\/\/www.promajna-tours.hr\/wp-content\/uploads\/2014\/01\/Marinko-Klaric-Kuca-01-210x210.jpg"},"partners-logo":{"file":"Marinko-Klaric-Kuca-01-600x1200.jpg","width":600,"height":1200,"mime-type":"image\/jpeg","url":"https:\/\/www.promajna-tours.hr\/wp-content\/uploads\/2014\/01\/Marinko-Klaric-Kuca-01-600x1200.jpg"},"post-featured-image":{"file":"Marinko-Klaric-Kuca-01-1240x720.jpg","width":1240,"height":720,"mime-type":"image\/jpeg","url":"https:\/\/www.promajna-tours.hr\/wp-content\/uploads\/2014\/01\/Marinko-Klaric-Kuca-01-1240x720.jpg"},"woocommerce_thumbnail":{"file":"Marinko-Klaric-Kuca-01-300x300.jpg","width":300,"height":300,"mime-type":"image\/jpeg","uncropped":false,"url":"https:\/\/www.promajna-tours.hr\/wp-content\/uploads\/2014\/01\/Marinko-Klaric-Kuca-01-300x300.jpg"},"woocommerce_single":{"file":"Marinko-Klaric-Kuca-01-600x400.jpg","width":600,"height":400,"mime-type":"image\/jpeg","url":"https:\/\/www.promajna-tours.hr\/wp-content\/uploads\/2014\/01\/Marinko-Klaric-Kuca-01-600x400.jpg"},"woocommerce_gallery_thumbnail":{"file":"Marinko-Klaric-Kuca-01-100x100.jpg","width":100,"height":100,"mime-type":"image\/jpeg","url":"https:\/\/www.promajna-tours.hr\/wp-content\/uploads\/2014\/01\/Marinko-Klaric-Kuca-01-100x100.jpg"},"shop_catalog":{"file":"Marinko-Klaric-Kuca-01-300x300.jpg","width":300,"height":300,"mime-type":"image\/jpeg","url":"https:\/\/www.promajna-tours.hr\/wp-content\/uploads\/2014\/01\/Marinko-Klaric-Kuca-01-300x300.jpg"},"shop_single":{"file":"Marinko-Klaric-Kuca-01-600x400.jpg","width":600,"height":400,"mime-type":"image\/jpeg","url":"https:\/\/www.promajna-tours.hr\/wp-content\/uploads\/2014\/01\/Marinko-Klaric-Kuca-01-600x400.jpg"},"shop_thumbnail":{"file":"Marinko-Klaric-Kuca-01-100x100.jpg","width":100,"height":100,"mime-type":"image\/jpeg","url":"https:\/\/www.promajna-tours.hr\/wp-content\/uploads\/2014\/01\/Marinko-Klaric-Kuca-01-100x100.jpg"}},"image_meta":{"aperture":"0","credit":"","camera":"","caption":"","created_timestamp":"0","copyright":"","focal_length":"0","iso":"0","shutter_speed":"0","title":"","orientation":"0","keywords":[]},"ID":"310683","name":"Marinko-Klaric-Kuca-01.jpg","path":"\/home\/promajnatours\/public_html\/wp-content\/uploads\/2014\/01\/Marinko-Klaric-Kuca-01.jpg","url":"https:\/\/www.promajna-tours.hr\/wp-content\/uploads\/2014\/01\/Marinko-Klaric-Kuca-01-150x150.jpg","full_url":"https:\/\/www.promajna-tours.hr\/wp-content\/uploads\/2014\/01\/Marinko-Klaric-Kuca-01.jpg","title":"Marinko-Klaric-Kuca-01","caption":"","description":"","alt":"","srcset":"https:\/\/www.promajna-tours.hr\/wp-content\/uploads\/2014\/01\/Marinko-Klaric-Kuca-01-150x150.jpg 150w, https:\/\/www.promajna-tours.hr\/wp-content\/uploads\/2014\/01\/Marinko-Klaric-Kuca-01-210x210.jpg 210w, https:\/\/www.promajna-tours.hr\/wp-content\/uploads\/2014\/01\/Marinko-Klaric-Kuca-01-300x300.jpg 300w, https:\/\/www.promajna-tours.hr\/wp-content\/uploads\/2014\/01\/Marinko-Klaric-Kuca-01-100x100.jpg 100w"},{"width":150,"height":150,"file":"2014\/01\/Marinko-Klaric-Kuca-02-1.jpg","sizes":{"medium":{"file":"Marinko-Klaric-Kuca-02-1-300x200.jpg","width":300,"height":200,"mime-type":"image\/jpeg","url":"https:\/\/www.promajna-tours.hr\/wp-content\/uploads\/2014\/01\/Marinko-Klaric-Kuca-02-1-300x200.jpg"},"large":{"file":"Marinko-Klaric-Kuca-02-1-1024x683.jpg","width":1024,"height":683,"mime-type":"image\/jpeg","url":"https:\/\/www.promajna-tours.hr\/wp-content\/uploads\/2014\/01\/Marinko-Klaric-Kuca-02-1-1024x683.jpg"},"thumbnail":{"file":"Marinko-Klaric-Kuca-02-1-150x150.jpg","width":150,"height":150,"mime-type":"image\/jpeg","url":"https:\/\/www.promajna-tours.hr\/wp-content\/uploads\/2014\/01\/Marinko-Klaric-Kuca-02-1-150x150.jpg"},"medium_large":{"file":"Marinko-Klaric-Kuca-02-1-768x512.jpg","width":768,"height":512,"mime-type":"image\/jpeg","url":"https:\/\/www.promajna-tours.hr\/wp-content\/uploads\/2014\/01\/Marinko-Klaric-Kuca-02-1-768x512.jpg"},"1536x1536":{"file":"Marinko-Klaric-Kuca-02-1-1536x1024.jpg","width":1536,"height":1024,"mime-type":"image\/jpeg","url":"https:\/\/www.promajna-tours.hr\/wp-content\/uploads\/2014\/01\/Marinko-Klaric-Kuca-02-1-1536x1024.jpg"},"post-thumbnail":{"file":"Marinko-Klaric-Kuca-02-1-150x100.jpg","width":150,"height":100,"mime-type":"image\/jpeg","url":"https:\/\/www.promajna-tours.hr\/wp-content\/uploads\/2014\/01\/Marinko-Klaric-Kuca-02-1-150x100.jpg"},"modern-property-child-slider":{"file":"Marinko-Klaric-Kuca-02-1-680x510.jpg","width":680,"height":510,"mime-type":"image\/jpeg","url":"https:\/\/www.promajna-tours.hr\/wp-content\/uploads\/2014\/01\/Marinko-Klaric-Kuca-02-1-680x510.jpg"},"property-thumb-image":{"file":"Marinko-Klaric-Kuca-02-1-488x326.jpg","width":488,"height":326,"mime-type":"image\/jpeg","url":"https:\/\/www.promajna-tours.hr\/wp-content\/uploads\/2014\/01\/Marinko-Klaric-Kuca-02-1-488x326.jpg"},"property-detail-video-image":{"file":"Marinko-Klaric-Kuca-02-1-818x417.jpg","width":818,"height":417,"mime-type":"image\/jpeg","url":"https:\/\/www.promajna-tours.hr\/wp-content\/uploads\/2014\/01\/Marinko-Klaric-Kuca-02-1-818x417.jpg"},"agent-image":{"file":"Marinko-Klaric-Kuca-02-1-210x210.jpg","width":210,"height":210,"mime-type":"image\/jpeg","url":"https:\/\/www.promajna-tours.hr\/wp-content\/uploads\/2014\/01\/Marinko-Klaric-Kuca-02-1-210x210.jpg"},"partners-logo":{"file":"Marinko-Klaric-Kuca-02-1-600x1200.jpg","width":600,"height":1200,"mime-type":"image\/jpeg","url":"https:\/\/www.promajna-tours.hr\/wp-content\/uploads\/2014\/01\/Marinko-Klaric-Kuca-02-1-600x1200.jpg"},"post-featured-image":{"file":"Marinko-Klaric-Kuca-02-1-1240x720.jpg","width":1240,"height":720,"mime-type":"image\/jpeg","url":"https:\/\/www.promajna-tours.hr\/wp-content\/uploads\/2014\/01\/Marinko-Klaric-Kuca-02-1-1240x720.jpg"},"woocommerce_thumbnail":{"file":"Marinko-Klaric-Kuca-02-1-300x300.jpg","width":300,"height":300,"mime-type":"image\/jpeg","uncropped":false,"url":"https:\/\/www.promajna-tours.hr\/wp-content\/uploads\/2014\/01\/Marinko-Klaric-Kuca-02-1-300x300.jpg"},"woocommerce_single":{"file":"Marinko-Klaric-Kuca-02-1-600x400.jpg","width":600,"height":400,"mime-type":"image\/jpeg","url":"https:\/\/www.promajna-tours.hr\/wp-content\/uploads\/2014\/01\/Marinko-Klaric-Kuca-02-1-600x400.jpg"},"woocommerce_gallery_thumbnail":{"file":"Marinko-Klaric-Kuca-02-1-100x100.jpg","width":100,"height":100,"mime-type":"image\/jpeg","url":"https:\/\/www.promajna-tours.hr\/wp-content\/uploads\/2014\/01\/Marinko-Klaric-Kuca-02-1-100x100.jpg"},"shop_catalog":{"file":"Marinko-Klaric-Kuca-02-1-300x300.jpg","width":300,"height":300,"mime-type":"image\/jpeg","url":"https:\/\/www.promajna-tours.hr\/wp-content\/uploads\/2014\/01\/Marinko-Klaric-Kuca-02-1-300x300.jpg"},"shop_single":{"file":"Marinko-Klaric-Kuca-02-1-600x400.jpg","width":600,"height":400,"mime-type":"image\/jpeg","url":"https:\/\/www.promajna-tours.hr\/wp-content\/uploads\/2014\/01\/Marinko-Klaric-Kuca-02-1-600x400.jpg"},"shop_thumbnail":{"file":"Marinko-Klaric-Kuca-02-1-100x100.jpg","width":100,"height":100,"mime-type":"image\/jpeg","url":"https:\/\/www.promajna-tours.hr\/wp-content\/uploads\/2014\/01\/Marinko-Klaric-Kuca-02-1-100x100.jpg"}},"image_meta":{"aperture":"0","credit":"","camera":"","caption":"","created_timestamp":"0","copyright":"","focal_length":"0","iso":"0","shutter_speed":"0","title":"","orientation":"0","keywords":[]},"ID":"310684","name":"Marinko-Klaric-Kuca-02-1.jpg","path":"\/home\/promajnatours\/public_html\/wp-content\/uploads\/2014\/01\/Marinko-Klaric-Kuca-02-1.jpg","url":"https:\/\/www.promajna-tours.hr\/wp-content\/uploads\/2014\/01\/Marinko-Klaric-Kuca-02-1-150x150.jpg","full_url":"https:\/\/www.promajna-tours.hr\/wp-content\/uploads\/2014\/01\/Marinko-Klaric-Kuca-02-1.jpg","title":"Marinko-Klaric-Kuca-02","caption":"","description":"","alt":"","srcset":"https:\/\/www.promajna-tours.hr\/wp-content\/uploads\/2014\/01\/Marinko-Klaric-Kuca-02-1-150x150.jpg 150w, https:\/\/www.promajna-tours.hr\/wp-content\/uploads\/2014\/01\/Marinko-Klaric-Kuca-02-1-210x210.jpg 210w, https:\/\/www.promajna-tours.hr\/wp-content\/uploads\/2014\/01\/Marinko-Klaric-Kuca-02-1-300x300.jpg 300w, https:\/\/www.promajna-tours.hr\/wp-content\/uploads\/2014\/01\/Marinko-Klaric-Kuca-02-1-100x100.jpg 100w"}],"REAL_HOMES_change_gallery_slider_type":"0","REAL_HOMES_gallery_slider_type":"thumb-on-right","inspiry_floor_plans":[],"inspiry_video_group":[],"REAL_HOMES_360_virtual_tour":"","REAL_HOMES_tour_video_url":"","REAL_HOMES_tour_video_image":[],"REAL_HOMES_agent_display_option":"none","REAL_HOMES_agents":[],"REAL_HOMES_energy_class":"none","REAL_HOMES_energy_performance":"","REAL_HOMES_epc_current_rating":"","REAL_HOMES_epc_potential_rating":"","REAL_HOMES_sticky":"0","inspiry_property_label":"","inspiry_property_label_color":"","inspiry_property_tax":"","inspiry_additional_fee":"","REAL_HOMES_attachments":[],"inspiry_property_owner_name":"","inspiry_property_owner_contact":"","inspiry_property_owner_address":"","REAL_HOMES_property_private_note":"","inspiry_message_to_reviewer":"","REAL_HOMES_add_in_slider":"","REAL_HOMES_slider_image":[],"REAL_HOMES_page_banner_image":[],"REAL_HOMES_hide_property_advance_search":"0","inspiry_beach_distance":"200"},"_links":{"self":[{"href":"https:\/\/www.promajna-tours.hr\/cs\/wp-json\/wp\/v2\/p\/374161"}],"collection":[{"href":"https:\/\/www.promajna-tours.hr\/cs\/wp-json\/wp\/v2\/p"}],"about":[{"href":"https:\/\/www.promajna-tours.hr\/cs\/wp-json\/wp\/v2\/types\/property"}],"author":[{"embeddable":true,"href":"https:\/\/www.promajna-tours.hr\/cs\/wp-json\/wp\/v2\/users\/1"}],"replies":[{"embeddable":true,"href":"https:\/\/www.promajna-tours.hr\/cs\/wp-json\/wp\/v2\/comments?post=374161"}],"version-history":[{"count":2,"href":"https:\/\/www.promajna-tours.hr\/cs\/wp-json\/wp\/v2\/p\/374161\/revisions"}],"predecessor-version":[{"id":374400,"href":"https:\/\/www.promajna-tours.hr\/cs\/wp-json\/wp\/v2\/p\/374161\/revisions\/374400"}],"wp:featuredmedia":[{"embeddable":true,"href":"https:\/\/www.promajna-tours.hr\/cs\/wp-json\/wp\/v2\/media\/374162"}],"wp:attachment":[{"href":"https:\/\/www.promajna-tours.hr\/cs\/wp-json\/wp\/v2\/media?parent=374161"}],"wp:term":[{"taxonomy":"property-feature","embeddable":true,"href":"https:\/\/www.promajna-tours.hr\/cs\/wp-json\/wp\/v2\/property-feature?post=374161"},{"taxonomy":"property-type","embeddable":true,"href":"https:\/\/www.promajna-tours.hr\/cs\/wp-json\/wp\/v2\/property-type?post=374161"},{"taxonomy":"property-city","embeddable":true,"href":"https:\/\/www.promajna-tours.hr\/cs\/wp-json\/wp\/v2\/property-location?post=374161"},{"taxonomy":"property-status","embeddable":true,"href":"https:\/\/www.promajna-tours.hr\/cs\/wp-json\/wp\/v2\/property-status?post=374161"}],"curies":[{"name":"wp","href":"https:\/\/api.w.org\/{rel}","templated":true}]}}