{"id":373969,"date":"2019-02-26T00:00:00","date_gmt":"2019-02-25T23:00:00","guid":{"rendered":"https:\/\/www.promajna-tours.hr\/p\/apartmani-vila-tucepi\/"},"modified":"2023-03-22T09:42:30","modified_gmt":"2023-03-22T08:42:30","slug":"apartmany-vila-tucepi","status":"publish","type":"property","link":"https:\/\/www.promajna-tours.hr\/sk\/p\/apartmany-vila-tucepi\/","title":{"rendered":"Apartm\u00e1ny Villa Tu\u010depi"},"content":{"rendered":"<p>Tu\u010depi je tou spr\u00e1vnou vo\u013ebou pri zva\u017eovan\u00ed polohy a relaxa\u010dn\u00e9ho pobytu v tejto centr\u00e1lnej \u010dasti pobre\u017eia Jadransk\u00e9ho mora, s kr\u00e1snymi pl\u00e1\u017eami a kri\u0161t\u00e1\u013eovo \u010dist\u00fdm morom.<\/p>\n<p>Pr\u00edjemn\u00e9 a tich\u00e9 prostredie vily Tu\u010depi spolu s moderne zariaden\u00fdmi a skvele vybaven\u00fdmi apartm\u00e1nmi zabezpe\u010d\u00ed, \u017ee si vychutn\u00e1te ka\u017ed\u00fd okamih Va\u0161ej dovolenky. V\u0161etky apartm\u00e1ny s\u00fa vybaven\u00e9 kuchy\u0148ou, klimatiz\u00e1ciou a TV so satelitn\u00fdm pr\u00edjmom.<br \/>\nBudova m\u00e1 parkovacie gar\u00e1\u017ee pre 10 vozidiel, ako aj vonkaj\u0161ie parkovacie miesta pre \u010fal\u0161\u00edch 10 vozidiel.<\/p>\n<p>Okolie hotela Villa Tu\u010depi m\u00e1 ve\u013ek\u00fd obsah, pl\u00e1\u017e je vzdialen\u00e1 len 110 m a v okol\u00ed n\u00e1jdete obchody, bary a re\u0161taur\u00e1cie.<\/p>\n","protected":false},"excerpt":{"rendered":"<p>Tu\u010depi je tou spr\u00e1vnou vo\u013ebou pri zva\u017eovan\u00ed polohy a relaxa\u010dn\u00e9ho pobytu v tejto centr\u00e1lnej \u010dasti pobre\u017eia Jadransk\u00e9ho mora, s kr\u00e1snymi pl\u00e1\u017eami a kri\u0161t\u00e1\u013eovo \u010dist\u00fdm morom. Pr\u00edjemn\u00e9 a tich\u00e9 prostredie vily Tu\u010depi spolu s moderne zariaden\u00fdmi a skvele vybaven\u00fdmi apartm\u00e1nmi zabezpe\u010d\u00ed, \u017ee si vychutn\u00e1te ka\u017ed\u00fd okamih Va\u0161ej dovolenky. V\u0161etky apartm\u00e1ny s\u00fa vybaven\u00e9 kuchy\u0148ou, klimatiz\u00e1ciou a TV&#8230;<\/p>\n","protected":false},"author":1,"featured_media":373970,"parent":0,"menu_order":0,"comment_status":"closed","ping_status":"closed","template":"","property-feature":[],"property-type":[282],"property-location":[1314],"property-status":[],"acf":[],"rvr_property_bookings":"","yoast_head":"<!-- This site is optimized with the Yoast SEO plugin v20.6 - https:\/\/yoast.com\/wordpress\/plugins\/seo\/ -->\n<title>Apartm\u00e1ny Villa Tu\u010depi - Promajna Tours<\/title>\n<meta name=\"robots\" content=\"index, follow, max-snippet:-1, max-image-preview:large, max-video-preview:-1\" \/>\n<link rel=\"canonical\" href=\"https:\/\/www.promajna-tours.hr\/sk\/n\/apartmany-vila-tucepi\/\" \/>\n<meta property=\"og:locale\" content=\"sk_SK\" \/>\n<meta property=\"og:type\" content=\"article\" \/>\n<meta property=\"og:title\" content=\"Apartm\u00e1ny Villa Tu\u010depi - Promajna Tours\" \/>\n<meta property=\"og:description\" content=\"Tu\u010depi je tou spr\u00e1vnou vo\u013ebou pri zva\u017eovan\u00ed polohy a relaxa\u010dn\u00e9ho pobytu v tejto centr\u00e1lnej \u010dasti pobre\u017eia Jadransk\u00e9ho mora, s kr\u00e1snymi pl\u00e1\u017eami a kri\u0161t\u00e1\u013eovo \u010dist\u00fdm morom. Pr\u00edjemn\u00e9 a tich\u00e9 prostredie vily Tu\u010depi spolu s moderne zariaden\u00fdmi a skvele vybaven\u00fdmi apartm\u00e1nmi zabezpe\u010d\u00ed, \u017ee si vychutn\u00e1te ka\u017ed\u00fd okamih Va\u0161ej dovolenky. V\u0161etky apartm\u00e1ny s\u00fa vybaven\u00e9 kuchy\u0148ou, klimatiz\u00e1ciou a TV...\" \/>\n<meta property=\"og:url\" content=\"https:\/\/www.promajna-tours.hr\/sk\/n\/apartmany-vila-tucepi\/\" \/>\n<meta property=\"og:site_name\" content=\"Promajna Tours\" \/>\n<meta property=\"article:publisher\" content=\"https:\/\/www.facebook.com\/promajnatoursHR\/\" \/>\n<meta property=\"article:modified_time\" content=\"2023-03-22T08:42:30+00:00\" \/>\n<meta property=\"og:image\" content=\"https:\/\/www.promajna-tours.hr\/wp-content\/uploads\/2019\/02\/Tucepi-Vanjske-10-1.jpg\" \/>\n\t<meta property=\"og:image:width\" content=\"1798\" \/>\n\t<meta property=\"og:image:height\" content=\"1200\" \/>\n\t<meta property=\"og:image:type\" content=\"image\/jpeg\" \/>\n<meta name=\"twitter:card\" content=\"summary_large_image\" \/>\n<meta name=\"twitter:site\" content=\"@promajnatours\" \/>\n<meta name=\"twitter:label1\" content=\"Predpokladan\u00fd \u010das \u010d\u00edtania\" \/>\n\t<meta name=\"twitter:data1\" content=\"1 min\u00fata\" \/>\n<script type=\"application\/ld+json\" class=\"yoast-schema-graph\">{\"@context\":\"https:\/\/schema.org\",\"@graph\":[{\"@type\":\"WebPage\",\"@id\":\"https:\/\/www.promajna-tours.hr\/sk\/n\/apartmany-vila-tucepi\/\",\"url\":\"https:\/\/www.promajna-tours.hr\/sk\/n\/apartmany-vila-tucepi\/\",\"name\":\"Apartm\u00e1ny Villa Tu\u010depi - Promajna Tours\",\"isPartOf\":{\"@id\":\"https:\/\/www.promajna-tours.hr\/#website\"},\"datePublished\":\"2019-02-25T23:00:00+00:00\",\"dateModified\":\"2023-03-22T08:42:30+00:00\",\"breadcrumb\":{\"@id\":\"https:\/\/www.promajna-tours.hr\/sk\/n\/apartmany-vila-tucepi\/#breadcrumb\"},\"inLanguage\":\"sk-SK\",\"potentialAction\":[{\"@type\":\"ReadAction\",\"target\":[\"https:\/\/www.promajna-tours.hr\/sk\/n\/apartmany-vila-tucepi\/\"]}]},{\"@type\":\"BreadcrumbList\",\"@id\":\"https:\/\/www.promajna-tours.hr\/sk\/n\/apartmany-vila-tucepi\/#breadcrumb\",\"itemListElement\":[{\"@type\":\"ListItem\",\"position\":1,\"name\":\"Po\u010detna stranica\",\"item\":\"https:\/\/www.promajna-tours.hr\/sk\/\"},{\"@type\":\"ListItem\",\"position\":2,\"name\":\"Properties\",\"item\":\"https:\/\/www.promajna-tours.hr\/pl\/w\/\"},{\"@type\":\"ListItem\",\"position\":3,\"name\":\"Apartm\u00e1ny Villa Tu\u010depi\"}]},{\"@type\":\"WebSite\",\"@id\":\"https:\/\/www.promajna-tours.hr\/#website\",\"url\":\"https:\/\/www.promajna-tours.hr\/\",\"name\":\"Promajna Tours\",\"description\":\"Apartmani Makarska rivijera\",\"publisher\":{\"@id\":\"https:\/\/www.promajna-tours.hr\/#organization\"},\"potentialAction\":[{\"@type\":\"SearchAction\",\"target\":{\"@type\":\"EntryPoint\",\"urlTemplate\":\"https:\/\/www.promajna-tours.hr\/?s={search_term_string}\"},\"query-input\":\"required name=search_term_string\"}],\"inLanguage\":\"sk-SK\"},{\"@type\":\"Organization\",\"@id\":\"https:\/\/www.promajna-tours.hr\/#organization\",\"name\":\"Promajna Tours d.o.o.\",\"url\":\"https:\/\/www.promajna-tours.hr\/\",\"logo\":{\"@type\":\"ImageObject\",\"inLanguage\":\"sk-SK\",\"@id\":\"https:\/\/www.promajna-tours.hr\/#\/schema\/logo\/image\/\",\"url\":\"https:\/\/www.promajna-tours.hr\/wp-content\/uploads\/2021\/11\/logo-novi.png\",\"contentUrl\":\"https:\/\/www.promajna-tours.hr\/wp-content\/uploads\/2021\/11\/logo-novi.png\",\"width\":216,\"height\":129,\"caption\":\"Promajna Tours d.o.o.\"},\"image\":{\"@id\":\"https:\/\/www.promajna-tours.hr\/#\/schema\/logo\/image\/\"},\"sameAs\":[\"https:\/\/www.facebook.com\/promajnatoursHR\/\",\"https:\/\/twitter.com\/promajnatours\",\"https:\/\/www.instagram.com\/promajnatours\/\",\"https:\/\/www.youtube.com\/channel\/UCMDAfrJ-MCRDYzjXTBoVIXA\"]}]}<\/script>\n<!-- \/ Yoast SEO plugin. -->","yoast_head_json":{"title":"Apartm\u00e1ny Villa Tu\u010depi - Promajna Tours","robots":{"index":"index","follow":"follow","max-snippet":"max-snippet:-1","max-image-preview":"max-image-preview:large","max-video-preview":"max-video-preview:-1"},"canonical":"https:\/\/www.promajna-tours.hr\/sk\/n\/apartmany-vila-tucepi\/","og_locale":"sk_SK","og_type":"article","og_title":"Apartm\u00e1ny Villa Tu\u010depi - Promajna Tours","og_description":"Tu\u010depi je tou spr\u00e1vnou vo\u013ebou pri zva\u017eovan\u00ed polohy a relaxa\u010dn\u00e9ho pobytu v tejto centr\u00e1lnej \u010dasti pobre\u017eia Jadransk\u00e9ho mora, s kr\u00e1snymi pl\u00e1\u017eami a kri\u0161t\u00e1\u013eovo \u010dist\u00fdm morom. Pr\u00edjemn\u00e9 a tich\u00e9 prostredie vily Tu\u010depi spolu s moderne zariaden\u00fdmi a skvele vybaven\u00fdmi apartm\u00e1nmi zabezpe\u010d\u00ed, \u017ee si vychutn\u00e1te ka\u017ed\u00fd okamih Va\u0161ej dovolenky. V\u0161etky apartm\u00e1ny s\u00fa vybaven\u00e9 kuchy\u0148ou, klimatiz\u00e1ciou a TV...","og_url":"https:\/\/www.promajna-tours.hr\/sk\/n\/apartmany-vila-tucepi\/","og_site_name":"Promajna Tours","article_publisher":"https:\/\/www.facebook.com\/promajnatoursHR\/","article_modified_time":"2023-03-22T08:42:30+00:00","og_image":[{"width":1798,"height":1200,"url":"https:\/\/www.promajna-tours.hr\/wp-content\/uploads\/2019\/02\/Tucepi-Vanjske-10-1.jpg","type":"image\/jpeg"}],"twitter_card":"summary_large_image","twitter_site":"@promajnatours","twitter_misc":{"Predpokladan\u00fd \u010das \u010d\u00edtania":"1 min\u00fata"},"schema":{"@context":"https:\/\/schema.org","@graph":[{"@type":"WebPage","@id":"https:\/\/www.promajna-tours.hr\/sk\/n\/apartmany-vila-tucepi\/","url":"https:\/\/www.promajna-tours.hr\/sk\/n\/apartmany-vila-tucepi\/","name":"Apartm\u00e1ny Villa Tu\u010depi - Promajna Tours","isPartOf":{"@id":"https:\/\/www.promajna-tours.hr\/#website"},"datePublished":"2019-02-25T23:00:00+00:00","dateModified":"2023-03-22T08:42:30+00:00","breadcrumb":{"@id":"https:\/\/www.promajna-tours.hr\/sk\/n\/apartmany-vila-tucepi\/#breadcrumb"},"inLanguage":"sk-SK","potentialAction":[{"@type":"ReadAction","target":["https:\/\/www.promajna-tours.hr\/sk\/n\/apartmany-vila-tucepi\/"]}]},{"@type":"BreadcrumbList","@id":"https:\/\/www.promajna-tours.hr\/sk\/n\/apartmany-vila-tucepi\/#breadcrumb","itemListElement":[{"@type":"ListItem","position":1,"name":"Po\u010detna stranica","item":"https:\/\/www.promajna-tours.hr\/sk\/"},{"@type":"ListItem","position":2,"name":"Properties","item":"https:\/\/www.promajna-tours.hr\/pl\/w\/"},{"@type":"ListItem","position":3,"name":"Apartm\u00e1ny Villa Tu\u010depi"}]},{"@type":"WebSite","@id":"https:\/\/www.promajna-tours.hr\/#website","url":"https:\/\/www.promajna-tours.hr\/","name":"Promajna Tours","description":"Apartmani Makarska rivijera","publisher":{"@id":"https:\/\/www.promajna-tours.hr\/#organization"},"potentialAction":[{"@type":"SearchAction","target":{"@type":"EntryPoint","urlTemplate":"https:\/\/www.promajna-tours.hr\/?s={search_term_string}"},"query-input":"required name=search_term_string"}],"inLanguage":"sk-SK"},{"@type":"Organization","@id":"https:\/\/www.promajna-tours.hr\/#organization","name":"Promajna Tours d.o.o.","url":"https:\/\/www.promajna-tours.hr\/","logo":{"@type":"ImageObject","inLanguage":"sk-SK","@id":"https:\/\/www.promajna-tours.hr\/#\/schema\/logo\/image\/","url":"https:\/\/www.promajna-tours.hr\/wp-content\/uploads\/2021\/11\/logo-novi.png","contentUrl":"https:\/\/www.promajna-tours.hr\/wp-content\/uploads\/2021\/11\/logo-novi.png","width":216,"height":129,"caption":"Promajna Tours d.o.o."},"image":{"@id":"https:\/\/www.promajna-tours.hr\/#\/schema\/logo\/image\/"},"sameAs":["https:\/\/www.facebook.com\/promajnatoursHR\/","https:\/\/twitter.com\/promajnatours","https:\/\/www.instagram.com\/promajnatours\/","https:\/\/www.youtube.com\/channel\/UCMDAfrJ-MCRDYzjXTBoVIXA"]}]}},"property_meta":{"REAL_HOMES_property_size":"","REAL_HOMES_property_size_postfix":"","REAL_HOMES_property_lot_size":"","REAL_HOMES_property_lot_size_postfix":"","REAL_HOMES_property_bedrooms":"","REAL_HOMES_property_bathrooms":"","REAL_HOMES_property_garage":"","REAL_HOMES_property_id":"PT-373969","REAL_HOMES_property_year_built":"","REAL_HOMES_featured":"0","REAL_HOMES_additional_details_list":[],"REAL_HOMES_property_price":"","REAL_HOMES_property_old_price":"","REAL_HOMES_property_price_prefix":"","REAL_HOMES_property_price_postfix":"","rvr_bulk_pricing":[],"copy_from_property":"","rvr_seasonal_pricing":[],"rvr_additional_fees":[{"rvr_fee_type":"fixed","rvr_fee_calculation":"per_stay"}],"rvr_govt_tax":"","rvr_service_charges":"","rvr_guests_capacity":"","rvr_total_guests_capacity":"","rvr_book_child_as":"","rvr_min_stay":"","rvr_guests_capacity_extend":"","rvr_extra_guest_price":"","rvr_accommodation":[],"rvr_instant_booking":"","rvr_property_owner":"0","rvr_outdoor_features":[],"rvr_surroundings":[],"rvr_included":[],"rvr_not_included":[],"rvr_policies":[],"REAL_HOMES_property_location":{"latitude":"43.258260501728","longitude":"17.062100172043","zoom":"17"},"REAL_HOMES_property_address":"Kamena 66, Tu\u010depi, Hrvatska","REAL_HOMES_property_map":"","REAL_HOMES_property_images":[{"width":150,"height":150,"file":"2019\/02\/Tucepi-Vanjske-01.jpg","sizes":{"medium":{"file":"Tucepi-Vanjske-01-300x200.jpg","width":300,"height":200,"mime-type":"image\/jpeg","url":"https:\/\/www.promajna-tours.hr\/wp-content\/uploads\/2019\/02\/Tucepi-Vanjske-01-300x200.jpg"},"large":{"file":"Tucepi-Vanjske-01-1024x683.jpg","width":1024,"height":683,"mime-type":"image\/jpeg","url":"https:\/\/www.promajna-tours.hr\/wp-content\/uploads\/2019\/02\/Tucepi-Vanjske-01-1024x683.jpg"},"thumbnail":{"file":"Tucepi-Vanjske-01-150x150.jpg","width":150,"height":150,"mime-type":"image\/jpeg","url":"https:\/\/www.promajna-tours.hr\/wp-content\/uploads\/2019\/02\/Tucepi-Vanjske-01-150x150.jpg"},"medium_large":{"file":"Tucepi-Vanjske-01-768x513.jpg","width":768,"height":513,"mime-type":"image\/jpeg","url":"https:\/\/www.promajna-tours.hr\/wp-content\/uploads\/2019\/02\/Tucepi-Vanjske-01-768x513.jpg"},"1536x1536":{"file":"Tucepi-Vanjske-01-1536x1025.jpg","width":1536,"height":1025,"mime-type":"image\/jpeg","url":"https:\/\/www.promajna-tours.hr\/wp-content\/uploads\/2019\/02\/Tucepi-Vanjske-01-1536x1025.jpg"},"post-thumbnail":{"file":"Tucepi-Vanjske-01-150x100.jpg","width":150,"height":100,"mime-type":"image\/jpeg","url":"https:\/\/www.promajna-tours.hr\/wp-content\/uploads\/2019\/02\/Tucepi-Vanjske-01-150x100.jpg"},"modern-property-child-slider":{"file":"Tucepi-Vanjske-01-680x510.jpg","width":680,"height":510,"mime-type":"image\/jpeg","url":"https:\/\/www.promajna-tours.hr\/wp-content\/uploads\/2019\/02\/Tucepi-Vanjske-01-680x510.jpg"},"property-thumb-image":{"file":"Tucepi-Vanjske-01-488x326.jpg","width":488,"height":326,"mime-type":"image\/jpeg","url":"https:\/\/www.promajna-tours.hr\/wp-content\/uploads\/2019\/02\/Tucepi-Vanjske-01-488x326.jpg"},"property-detail-video-image":{"file":"Tucepi-Vanjske-01-818x417.jpg","width":818,"height":417,"mime-type":"image\/jpeg","url":"https:\/\/www.promajna-tours.hr\/wp-content\/uploads\/2019\/02\/Tucepi-Vanjske-01-818x417.jpg"},"agent-image":{"file":"Tucepi-Vanjske-01-210x210.jpg","width":210,"height":210,"mime-type":"image\/jpeg","url":"https:\/\/www.promajna-tours.hr\/wp-content\/uploads\/2019\/02\/Tucepi-Vanjske-01-210x210.jpg"},"partners-logo":{"file":"Tucepi-Vanjske-01-600x1200.jpg","width":600,"height":1200,"mime-type":"image\/jpeg","url":"https:\/\/www.promajna-tours.hr\/wp-content\/uploads\/2019\/02\/Tucepi-Vanjske-01-600x1200.jpg"},"post-featured-image":{"file":"Tucepi-Vanjske-01-1240x720.jpg","width":1240,"height":720,"mime-type":"image\/jpeg","url":"https:\/\/www.promajna-tours.hr\/wp-content\/uploads\/2019\/02\/Tucepi-Vanjske-01-1240x720.jpg"},"woocommerce_thumbnail":{"file":"Tucepi-Vanjske-01-300x300.jpg","width":300,"height":300,"mime-type":"image\/jpeg","uncropped":false,"url":"https:\/\/www.promajna-tours.hr\/wp-content\/uploads\/2019\/02\/Tucepi-Vanjske-01-300x300.jpg"},"woocommerce_single":{"file":"Tucepi-Vanjske-01-600x400.jpg","width":600,"height":400,"mime-type":"image\/jpeg","url":"https:\/\/www.promajna-tours.hr\/wp-content\/uploads\/2019\/02\/Tucepi-Vanjske-01-600x400.jpg"},"woocommerce_gallery_thumbnail":{"file":"Tucepi-Vanjske-01-100x100.jpg","width":100,"height":100,"mime-type":"image\/jpeg","url":"https:\/\/www.promajna-tours.hr\/wp-content\/uploads\/2019\/02\/Tucepi-Vanjske-01-100x100.jpg"},"shop_catalog":{"file":"Tucepi-Vanjske-01-300x300.jpg","width":300,"height":300,"mime-type":"image\/jpeg","url":"https:\/\/www.promajna-tours.hr\/wp-content\/uploads\/2019\/02\/Tucepi-Vanjske-01-300x300.jpg"},"shop_single":{"file":"Tucepi-Vanjske-01-600x400.jpg","width":600,"height":400,"mime-type":"image\/jpeg","url":"https:\/\/www.promajna-tours.hr\/wp-content\/uploads\/2019\/02\/Tucepi-Vanjske-01-600x400.jpg"},"shop_thumbnail":{"file":"Tucepi-Vanjske-01-100x100.jpg","width":100,"height":100,"mime-type":"image\/jpeg","url":"https:\/\/www.promajna-tours.hr\/wp-content\/uploads\/2019\/02\/Tucepi-Vanjske-01-100x100.jpg"}},"image_meta":{"aperture":"0","credit":"Ivanisevic Ivan","camera":"","caption":"","created_timestamp":"0","copyright":"www.ivanisevicivan.com","focal_length":"0","iso":"0","shutter_speed":"0","title":"","orientation":"0","keywords":[]},"ID":"312508","name":"Tucepi-Vanjske-01.jpg","path":"\/home\/promajnatours\/public_html\/wp-content\/uploads\/2019\/02\/Tucepi-Vanjske-01.jpg","url":"https:\/\/www.promajna-tours.hr\/wp-content\/uploads\/2019\/02\/Tucepi-Vanjske-01-150x150.jpg","full_url":"https:\/\/www.promajna-tours.hr\/wp-content\/uploads\/2019\/02\/Tucepi-Vanjske-01.jpg","title":"Tucepi-Vanjske-01","caption":"","description":"","alt":"","srcset":"https:\/\/www.promajna-tours.hr\/wp-content\/uploads\/2019\/02\/Tucepi-Vanjske-01-150x150.jpg 150w, https:\/\/www.promajna-tours.hr\/wp-content\/uploads\/2019\/02\/Tucepi-Vanjske-01-210x210.jpg 210w, https:\/\/www.promajna-tours.hr\/wp-content\/uploads\/2019\/02\/Tucepi-Vanjske-01-300x300.jpg 300w, https:\/\/www.promajna-tours.hr\/wp-content\/uploads\/2019\/02\/Tucepi-Vanjske-01-100x100.jpg 100w"},{"width":150,"height":150,"file":"2019\/02\/Tucepi-Vanjske-09.jpg","sizes":{"medium":{"file":"Tucepi-Vanjske-09-300x200.jpg","width":300,"height":200,"mime-type":"image\/jpeg","url":"https:\/\/www.promajna-tours.hr\/wp-content\/uploads\/2019\/02\/Tucepi-Vanjske-09-300x200.jpg"},"large":{"file":"Tucepi-Vanjske-09-1024x683.jpg","width":1024,"height":683,"mime-type":"image\/jpeg","url":"https:\/\/www.promajna-tours.hr\/wp-content\/uploads\/2019\/02\/Tucepi-Vanjske-09-1024x683.jpg"},"thumbnail":{"file":"Tucepi-Vanjske-09-150x150.jpg","width":150,"height":150,"mime-type":"image\/jpeg","url":"https:\/\/www.promajna-tours.hr\/wp-content\/uploads\/2019\/02\/Tucepi-Vanjske-09-150x150.jpg"},"medium_large":{"file":"Tucepi-Vanjske-09-768x513.jpg","width":768,"height":513,"mime-type":"image\/jpeg","url":"https:\/\/www.promajna-tours.hr\/wp-content\/uploads\/2019\/02\/Tucepi-Vanjske-09-768x513.jpg"},"1536x1536":{"file":"Tucepi-Vanjske-09-1536x1025.jpg","width":1536,"height":1025,"mime-type":"image\/jpeg","url":"https:\/\/www.promajna-tours.hr\/wp-content\/uploads\/2019\/02\/Tucepi-Vanjske-09-1536x1025.jpg"},"post-thumbnail":{"file":"Tucepi-Vanjske-09-150x100.jpg","width":150,"height":100,"mime-type":"image\/jpeg","url":"https:\/\/www.promajna-tours.hr\/wp-content\/uploads\/2019\/02\/Tucepi-Vanjske-09-150x100.jpg"},"modern-property-child-slider":{"file":"Tucepi-Vanjske-09-680x510.jpg","width":680,"height":510,"mime-type":"image\/jpeg","url":"https:\/\/www.promajna-tours.hr\/wp-content\/uploads\/2019\/02\/Tucepi-Vanjske-09-680x510.jpg"},"property-thumb-image":{"file":"Tucepi-Vanjske-09-488x326.jpg","width":488,"height":326,"mime-type":"image\/jpeg","url":"https:\/\/www.promajna-tours.hr\/wp-content\/uploads\/2019\/02\/Tucepi-Vanjske-09-488x326.jpg"},"property-detail-video-image":{"file":"Tucepi-Vanjske-09-818x417.jpg","width":818,"height":417,"mime-type":"image\/jpeg","url":"https:\/\/www.promajna-tours.hr\/wp-content\/uploads\/2019\/02\/Tucepi-Vanjske-09-818x417.jpg"},"agent-image":{"file":"Tucepi-Vanjske-09-210x210.jpg","width":210,"height":210,"mime-type":"image\/jpeg","url":"https:\/\/www.promajna-tours.hr\/wp-content\/uploads\/2019\/02\/Tucepi-Vanjske-09-210x210.jpg"},"partners-logo":{"file":"Tucepi-Vanjske-09-600x1200.jpg","width":600,"height":1200,"mime-type":"image\/jpeg","url":"https:\/\/www.promajna-tours.hr\/wp-content\/uploads\/2019\/02\/Tucepi-Vanjske-09-600x1200.jpg"},"post-featured-image":{"file":"Tucepi-Vanjske-09-1240x720.jpg","width":1240,"height":720,"mime-type":"image\/jpeg","url":"https:\/\/www.promajna-tours.hr\/wp-content\/uploads\/2019\/02\/Tucepi-Vanjske-09-1240x720.jpg"},"woocommerce_thumbnail":{"file":"Tucepi-Vanjske-09-300x300.jpg","width":300,"height":300,"mime-type":"image\/jpeg","uncropped":false,"url":"https:\/\/www.promajna-tours.hr\/wp-content\/uploads\/2019\/02\/Tucepi-Vanjske-09-300x300.jpg"},"woocommerce_single":{"file":"Tucepi-Vanjske-09-600x400.jpg","width":600,"height":400,"mime-type":"image\/jpeg","url":"https:\/\/www.promajna-tours.hr\/wp-content\/uploads\/2019\/02\/Tucepi-Vanjske-09-600x400.jpg"},"woocommerce_gallery_thumbnail":{"file":"Tucepi-Vanjske-09-100x100.jpg","width":100,"height":100,"mime-type":"image\/jpeg","url":"https:\/\/www.promajna-tours.hr\/wp-content\/uploads\/2019\/02\/Tucepi-Vanjske-09-100x100.jpg"},"shop_catalog":{"file":"Tucepi-Vanjske-09-300x300.jpg","width":300,"height":300,"mime-type":"image\/jpeg","url":"https:\/\/www.promajna-tours.hr\/wp-content\/uploads\/2019\/02\/Tucepi-Vanjske-09-300x300.jpg"},"shop_single":{"file":"Tucepi-Vanjske-09-600x400.jpg","width":600,"height":400,"mime-type":"image\/jpeg","url":"https:\/\/www.promajna-tours.hr\/wp-content\/uploads\/2019\/02\/Tucepi-Vanjske-09-600x400.jpg"},"shop_thumbnail":{"file":"Tucepi-Vanjske-09-100x100.jpg","width":100,"height":100,"mime-type":"image\/jpeg","url":"https:\/\/www.promajna-tours.hr\/wp-content\/uploads\/2019\/02\/Tucepi-Vanjske-09-100x100.jpg"}},"image_meta":{"aperture":"0","credit":"Ivanisevic Ivan","camera":"","caption":"","created_timestamp":"0","copyright":"www.ivanisevicivan.com","focal_length":"0","iso":"0","shutter_speed":"0","title":"","orientation":"0","keywords":[]},"ID":"312509","name":"Tucepi-Vanjske-09.jpg","path":"\/home\/promajnatours\/public_html\/wp-content\/uploads\/2019\/02\/Tucepi-Vanjske-09.jpg","url":"https:\/\/www.promajna-tours.hr\/wp-content\/uploads\/2019\/02\/Tucepi-Vanjske-09-150x150.jpg","full_url":"https:\/\/www.promajna-tours.hr\/wp-content\/uploads\/2019\/02\/Tucepi-Vanjske-09.jpg","title":"Tucepi-Vanjske-09","caption":"","description":"","alt":"","srcset":"https:\/\/www.promajna-tours.hr\/wp-content\/uploads\/2019\/02\/Tucepi-Vanjske-09-150x150.jpg 150w, https:\/\/www.promajna-tours.hr\/wp-content\/uploads\/2019\/02\/Tucepi-Vanjske-09-210x210.jpg 210w, https:\/\/www.promajna-tours.hr\/wp-content\/uploads\/2019\/02\/Tucepi-Vanjske-09-300x300.jpg 300w, https:\/\/www.promajna-tours.hr\/wp-content\/uploads\/2019\/02\/Tucepi-Vanjske-09-100x100.jpg 100w"},{"width":150,"height":150,"file":"2019\/02\/Tucepi-Vanjske-10.jpg","sizes":{"medium":{"file":"Tucepi-Vanjske-10-300x200.jpg","width":300,"height":200,"mime-type":"image\/jpeg","url":"https:\/\/www.promajna-tours.hr\/wp-content\/uploads\/2019\/02\/Tucepi-Vanjske-10-300x200.jpg"},"large":{"file":"Tucepi-Vanjske-10-1024x683.jpg","width":1024,"height":683,"mime-type":"image\/jpeg","url":"https:\/\/www.promajna-tours.hr\/wp-content\/uploads\/2019\/02\/Tucepi-Vanjske-10-1024x683.jpg"},"thumbnail":{"file":"Tucepi-Vanjske-10-150x150.jpg","width":150,"height":150,"mime-type":"image\/jpeg","url":"https:\/\/www.promajna-tours.hr\/wp-content\/uploads\/2019\/02\/Tucepi-Vanjske-10-150x150.jpg"},"medium_large":{"file":"Tucepi-Vanjske-10-768x513.jpg","width":768,"height":513,"mime-type":"image\/jpeg","url":"https:\/\/www.promajna-tours.hr\/wp-content\/uploads\/2019\/02\/Tucepi-Vanjske-10-768x513.jpg"},"1536x1536":{"file":"Tucepi-Vanjske-10-1536x1025.jpg","width":1536,"height":1025,"mime-type":"image\/jpeg","url":"https:\/\/www.promajna-tours.hr\/wp-content\/uploads\/2019\/02\/Tucepi-Vanjske-10-1536x1025.jpg"},"post-thumbnail":{"file":"Tucepi-Vanjske-10-150x100.jpg","width":150,"height":100,"mime-type":"image\/jpeg","url":"https:\/\/www.promajna-tours.hr\/wp-content\/uploads\/2019\/02\/Tucepi-Vanjske-10-150x100.jpg"},"modern-property-child-slider":{"file":"Tucepi-Vanjske-10-680x510.jpg","width":680,"height":510,"mime-type":"image\/jpeg","url":"https:\/\/www.promajna-tours.hr\/wp-content\/uploads\/2019\/02\/Tucepi-Vanjske-10-680x510.jpg"},"property-thumb-image":{"file":"Tucepi-Vanjske-10-488x326.jpg","width":488,"height":326,"mime-type":"image\/jpeg","url":"https:\/\/www.promajna-tours.hr\/wp-content\/uploads\/2019\/02\/Tucepi-Vanjske-10-488x326.jpg"},"property-detail-video-image":{"file":"Tucepi-Vanjske-10-818x417.jpg","width":818,"height":417,"mime-type":"image\/jpeg","url":"https:\/\/www.promajna-tours.hr\/wp-content\/uploads\/2019\/02\/Tucepi-Vanjske-10-818x417.jpg"},"agent-image":{"file":"Tucepi-Vanjske-10-210x210.jpg","width":210,"height":210,"mime-type":"image\/jpeg","url":"https:\/\/www.promajna-tours.hr\/wp-content\/uploads\/2019\/02\/Tucepi-Vanjske-10-210x210.jpg"},"partners-logo":{"file":"Tucepi-Vanjske-10-600x1200.jpg","width":600,"height":1200,"mime-type":"image\/jpeg","url":"https:\/\/www.promajna-tours.hr\/wp-content\/uploads\/2019\/02\/Tucepi-Vanjske-10-600x1200.jpg"},"post-featured-image":{"file":"Tucepi-Vanjske-10-1240x720.jpg","width":1240,"height":720,"mime-type":"image\/jpeg","url":"https:\/\/www.promajna-tours.hr\/wp-content\/uploads\/2019\/02\/Tucepi-Vanjske-10-1240x720.jpg"},"woocommerce_thumbnail":{"file":"Tucepi-Vanjske-10-300x300.jpg","width":300,"height":300,"mime-type":"image\/jpeg","uncropped":false,"url":"https:\/\/www.promajna-tours.hr\/wp-content\/uploads\/2019\/02\/Tucepi-Vanjske-10-300x300.jpg"},"woocommerce_single":{"file":"Tucepi-Vanjske-10-600x400.jpg","width":600,"height":400,"mime-type":"image\/jpeg","url":"https:\/\/www.promajna-tours.hr\/wp-content\/uploads\/2019\/02\/Tucepi-Vanjske-10-600x400.jpg"},"woocommerce_gallery_thumbnail":{"file":"Tucepi-Vanjske-10-100x100.jpg","width":100,"height":100,"mime-type":"image\/jpeg","url":"https:\/\/www.promajna-tours.hr\/wp-content\/uploads\/2019\/02\/Tucepi-Vanjske-10-100x100.jpg"},"shop_catalog":{"file":"Tucepi-Vanjske-10-300x300.jpg","width":300,"height":300,"mime-type":"image\/jpeg","url":"https:\/\/www.promajna-tours.hr\/wp-content\/uploads\/2019\/02\/Tucepi-Vanjske-10-300x300.jpg"},"shop_single":{"file":"Tucepi-Vanjske-10-600x400.jpg","width":600,"height":400,"mime-type":"image\/jpeg","url":"https:\/\/www.promajna-tours.hr\/wp-content\/uploads\/2019\/02\/Tucepi-Vanjske-10-600x400.jpg"},"shop_thumbnail":{"file":"Tucepi-Vanjske-10-100x100.jpg","width":100,"height":100,"mime-type":"image\/jpeg","url":"https:\/\/www.promajna-tours.hr\/wp-content\/uploads\/2019\/02\/Tucepi-Vanjske-10-100x100.jpg"}},"image_meta":{"aperture":"0","credit":"Ivanisevic Ivan","camera":"","caption":"","created_timestamp":"0","copyright":"www.ivanisevicivan.com","focal_length":"0","iso":"0","shutter_speed":"0","title":"","orientation":"0","keywords":[]},"ID":"312510","name":"Tucepi-Vanjske-10.jpg","path":"\/home\/promajnatours\/public_html\/wp-content\/uploads\/2019\/02\/Tucepi-Vanjske-10.jpg","url":"https:\/\/www.promajna-tours.hr\/wp-content\/uploads\/2019\/02\/Tucepi-Vanjske-10-150x150.jpg","full_url":"https:\/\/www.promajna-tours.hr\/wp-content\/uploads\/2019\/02\/Tucepi-Vanjske-10.jpg","title":"Tucepi-Vanjske-10","caption":"","description":"","alt":"","srcset":"https:\/\/www.promajna-tours.hr\/wp-content\/uploads\/2019\/02\/Tucepi-Vanjske-10-150x150.jpg 150w, https:\/\/www.promajna-tours.hr\/wp-content\/uploads\/2019\/02\/Tucepi-Vanjske-10-210x210.jpg 210w, https:\/\/www.promajna-tours.hr\/wp-content\/uploads\/2019\/02\/Tucepi-Vanjske-10-300x300.jpg 300w, https:\/\/www.promajna-tours.hr\/wp-content\/uploads\/2019\/02\/Tucepi-Vanjske-10-100x100.jpg 100w"}],"REAL_HOMES_change_gallery_slider_type":"0","REAL_HOMES_gallery_slider_type":"thumb-on-right","inspiry_floor_plans":[],"inspiry_video_group":[],"REAL_HOMES_360_virtual_tour":"","REAL_HOMES_tour_video_url":"","REAL_HOMES_tour_video_image":[],"REAL_HOMES_agent_display_option":"none","REAL_HOMES_agents":[],"REAL_HOMES_energy_class":"none","REAL_HOMES_energy_performance":"","REAL_HOMES_epc_current_rating":"","REAL_HOMES_epc_potential_rating":"","REAL_HOMES_sticky":"0","inspiry_property_label":"","inspiry_property_label_color":"","inspiry_property_tax":"","inspiry_additional_fee":"","REAL_HOMES_attachments":[],"inspiry_property_owner_name":"","inspiry_property_owner_contact":"","inspiry_property_owner_address":"","REAL_HOMES_property_private_note":"","inspiry_message_to_reviewer":"","REAL_HOMES_add_in_slider":"","REAL_HOMES_slider_image":[],"REAL_HOMES_page_banner_image":[],"REAL_HOMES_hide_property_advance_search":"0","inspiry_beach_distance":"200"},"_links":{"self":[{"href":"https:\/\/www.promajna-tours.hr\/sk\/wp-json\/wp\/v2\/p\/373969"}],"collection":[{"href":"https:\/\/www.promajna-tours.hr\/sk\/wp-json\/wp\/v2\/p"}],"about":[{"href":"https:\/\/www.promajna-tours.hr\/sk\/wp-json\/wp\/v2\/types\/property"}],"author":[{"embeddable":true,"href":"https:\/\/www.promajna-tours.hr\/sk\/wp-json\/wp\/v2\/users\/1"}],"replies":[{"embeddable":true,"href":"https:\/\/www.promajna-tours.hr\/sk\/wp-json\/wp\/v2\/comments?post=373969"}],"version-history":[{"count":2,"href":"https:\/\/www.promajna-tours.hr\/sk\/wp-json\/wp\/v2\/p\/373969\/revisions"}],"predecessor-version":[{"id":399062,"href":"https:\/\/www.promajna-tours.hr\/sk\/wp-json\/wp\/v2\/p\/373969\/revisions\/399062"}],"wp:featuredmedia":[{"embeddable":true,"href":"https:\/\/www.promajna-tours.hr\/sk\/wp-json\/wp\/v2\/media\/373970"}],"wp:attachment":[{"href":"https:\/\/www.promajna-tours.hr\/sk\/wp-json\/wp\/v2\/media?parent=373969"}],"wp:term":[{"taxonomy":"property-feature","embeddable":true,"href":"https:\/\/www.promajna-tours.hr\/sk\/wp-json\/wp\/v2\/property-feature?post=373969"},{"taxonomy":"property-type","embeddable":true,"href":"https:\/\/www.promajna-tours.hr\/sk\/wp-json\/wp\/v2\/property-type?post=373969"},{"taxonomy":"property-city","embeddable":true,"href":"https:\/\/www.promajna-tours.hr\/sk\/wp-json\/wp\/v2\/property-location?post=373969"},{"taxonomy":"property-status","embeddable":true,"href":"https:\/\/www.promajna-tours.hr\/sk\/wp-json\/wp\/v2\/property-status?post=373969"}],"curies":[{"name":"wp","href":"https:\/\/api.w.org\/{rel}","templated":true}]}}